{"id":36,"date":"2024-06-23T22:10:49","date_gmt":"2024-06-23T20:10:49","guid":{"rendered":"https:\/\/www.ivankovacesta.sk\/?page_id=36"},"modified":"2024-07-11T23:19:33","modified_gmt":"2024-07-11T21:19:33","slug":"ivankov-pribeh","status":"publish","type":"page","link":"https:\/\/www.ivankovacesta.sk\/?page_id=36","title":{"rendered":"Ivankov pr\u00edbeh"},"content":{"rendered":"\n<p>Ob\u010dianske zdru\u017eenie Ivankova cesta je in\u0161pirovan\u00e9 na\u0161\u00edm synom Ivankom. E\u0161te nevieme kam jeho cesta povedie, a \u017ee toho denne nachod\u00ed ve\u013ea. Pozrime sa na to ako za\u010dala.<\/p>\n\n\n\n<p>Ivanko je na\u0161e prvoroden\u00e9 vysn\u00edvan\u00e9 die\u0165a. Sna\u017eili sme sa o neho dlh\u00fdch 8 rokov, absolvovali v\u0161etky mo\u017en\u00e9 vy\u0161etrenia, reproduk\u010dn\u00fa kliniku a v\u0161etky proced\u00fary (ktor\u00e9 v dne\u0161nej dobe stoja ako men\u0161ie auto) a ke\u010f u\u017e sme ani ned\u00fafali &#8230;. stal sa prirodzen\u00fd z\u00e1zrak. N\u00e1\u0161 z\u00e1zrak nakoniec pri\u0161iel na svet ak\u00fatnym cis\u00e1rskym rezom, o\u017eivovali ho a prv\u00fdch nieko\u013eko hod\u00edn str\u00e1vil v inkub\u00e1tore, preto sme boli nesmierne \u0161tastn\u00ed, ke\u010f sme si n\u00e1\u0161 z\u00e1zrak doniesli nakoniec domov. A k\u00fdm som sa ja zotavovala z cis\u00e1rskeho, prvorodi\u010dovstva, kolobehu plienok, kojenia, ods\u00e1vania mlieka, ktor\u00e9 som sa nakoniec rozhodla darova\u0165 aj in\u00fdm deti\u010dk\u00e1m na Kram\u00e1re a u\u017e\u00edvala si to kr\u00e1sne a pokojn\u00e9 die\u0165a\u0165ko, pre\u0161li 3 mesiace a h\u013ea Ivanko za\u010dal zaost\u00e1va\u0165. Oneskoren\u00fd psychomotorick\u00fd v\u00fdvoj bola fr\u00e1za, ktor\u00e1 sa s nami niesla vlastne st\u00e1le. A za\u010dala sa na\u0161a cesta po doktoroch, neurol\u00f3gii, rehabilit\u00e1cii, s\u00fakromn\u00fdch poradcoch a koloto\u010d vy\u0161etren\u00ed. Za\u010dali sme cvi\u010di\u0165 Vojtovku, a t\u00e1 sa Ivankovi v\u00f4bec nep\u00e1\u010dila (nem\u00e1 r\u00e1d dotyky, a udr\u017eanie v jednej poz\u00edcii nebolo v ob\u013eube), a\u017e sme sa dostali do f\u00e1zy, kedy za\u010dal plaka\u0165 u\u017e len, ke\u010f som sa k nemu chcela pribli\u017ei\u0165. Zmenili sme rehabilita\u010dn\u00fa kliniku a aj pr\u00edstup. A tam n\u00e1s stretol n\u00e1\u0161 prv\u00fd navig\u00e1tor na na\u0161ej ceste a \u00fa\u017eastn\u00e1 fyzioterapeutka, ktor\u00e1 n\u00e1s upozornila, \u017ee na\u0161e obavy s\u00fa opr\u00e1vnen\u00e9 a Ivanko sa naozaj spr\u00e1va inak ako in\u00e9 deti\u010dky. Mal vtedy 15 mesiacov, ja som u\u017e bola op\u00e4\u0165 tehotn\u00e1 a 3 mesiace pred p\u00f4rodom. E\u0161te nechodil, zato v\u00fdrazne kymotal hlavi\u010dkou, akoby hovoril nie. Robil to u\u017e od 10 mesiacov, v\u017edy nieko\u013eko min\u00fat a nedal sa vyru\u0161i\u0165. U\u017e vtedy nereagoval na meno, ani nemal o\u010dn\u00fd kontakt.<br>Na\u0161a cesta \u010falej smerovala do Rannej starostlivosti, z ktorej sa stalo na\u0161e CVI a spoznali sme tam fantastick\u00fdch \u013eud\u00ed. Tu sme dostali neskuto\u010dn\u00fa poradky\u0148u a n\u00e1\u0161 maj\u00e1k na na\u0161ej ceste. Absolvovali sme o\u010dn\u00e9 aj dve u\u0161n\u00e9 vy\u0161etrenia, aby sa vyl\u00fa\u010dil in\u00fd p\u00f4vod zvl\u00e1\u0161tneho spr\u00e1vania n\u00e1\u0161ho Ivanka. Medzit\u00fdm sa Ivankovi narodila sestri\u010dka a my sme za\u010dali intenzivne pracova\u0165. Absolvovala som nejak\u00e9 kurzy a ve\u013ea, ve\u013ea som \u010d\u00edtala. Kurz od Lindy Cecavovej v projekte Rozvoj hrou &#8211; Jak rozv\u00edjet d\u00edt\u011b s\u00a0neurov\u00fdvojovu poruchou v\u00a0dom\u00e1c\u00edm prost\u0159ed\u00ed, bol jedn\u00fdm z najlep\u0161\u00edch. Vych\u00e1dza zo Sun-rise met\u00f3dy. Ivankove pr\u00edznaky prib\u00fadali, nec\u00edtil boles\u0165, nec\u00edtil studen\u00e9, nereagoval na siln\u00e9 zvuky, nev\u0161\u00edmal si \u013eud\u00ed, hra\u010dky si ukladal do radu. Ke\u010f za\u010dal chodi\u0165, za\u010dal sa aj to\u010di\u0165 na mieste okolo svojej osi, r\u00fdchlo, a kludne aj 30 min\u00fat. St\u00e1le nerozpr\u00e1val, ale \u017ee v\u00f4bec ani slovo. Neukazoval, nekomunikoval. Neuverite\u013ene ve\u013ea chodil, v ko\u010d\u00edku bol neudr\u017eate\u013en\u00fd. Chodili sme s n\u00edm von na 3 zmeny, v\u017edy minim\u00e1lne hodinu. Nachodil denne kilometre. Za\u010dali sme chodi\u0165 do Popradu (z Bratislavy) do Terapeutick\u00e9ho ihriska Janka (TiJa) na senzorick\u00fa integraciu. Toto bola obrovsk\u00e1 zmena. A s na\u0161ou trojicou: maj\u00e1kom z CVI, vedomos\u0165ami z Rozvoja hrou a zo senzorickou integr\u00e1ciou sme nast\u00fapili na cestu, kde sa sna\u017e\u00edme Ivankovi porozumie\u0165, urobi\u0165 opatrenia, ktor\u00e9 mu pom\u00e1haj\u00fa a sna\u017e\u00edme sa pochopi\u0165 jeho svet.<\/p>\n\n\n\n<p>Ivankovi bol ofici\u00e1lne diagnostikovan\u00fd detsk\u00fd autizmus v 3 rokoch, ni\u010d sa u n\u00e1s t\u00fdm nezmenilo. Na\u0161a cesta st\u00e1le ide \u010falej, nie\u010do u\u017e m\u00e1me za sebou, niekedy je viac k\u013eukat\u00e1, niekdy h\u013ead\u00e1me smer, ale st\u00e1le sa r\u00fatime vpred. Zmenilo to m\u00f4j poh\u013ead na \u017eivot, na to \u010do je d\u00f4le\u017eit\u00e9 a mala som mo\u017enos\u0165 spozna\u0165 \u00fa\u017easn\u00fdch a in\u0161pirat\u00edvnych \u013eud\u00ed. Bez podpory, usmernen\u00ed a mil\u00e9ho slova by sme neboli tam kde sme. Je to Ivankova cesta a aj moja a na\u0161a, a mo\u017eno teraz aj tro\u0161ku va\u0161a.<\/p>\n","protected":false},"excerpt":{"rendered":"<p>Ob\u010dianske zdru\u017eenie Ivankova cesta je in\u0161pirovan\u00e9 na\u0161\u00edm synom Ivankom. E\u0161te nevieme kam jeho cesta povedie, a \u017ee toho denne nachod\u00ed ve\u013ea. Pozrime sa na to ako za\u010dala. Ivanko je na\u0161e prvoroden\u00e9 vysn\u00edvan\u00e9 die\u0165a. Sna\u017eili sme sa o neho dlh\u00fdch 8 rokov, absolvovali v\u0161etky mo\u017en\u00e9 vy\u0161etrenia, reproduk\u010dn\u00fa kliniku a v\u0161etky proced\u00fary (ktor\u00e9 v dne\u0161nej dobe stoja [&hellip;]<\/p>\n","protected":false},"author":1,"featured_media":0,"parent":0,"menu_order":0,"comment_status":"closed","ping_status":"closed","template":"","meta":{"om_disable_all_campaigns":false,"_monsterinsights_skip_tracking":false,"_monsterinsights_sitenote_active":false,"_monsterinsights_sitenote_note":"","_monsterinsights_sitenote_category":0,"_uf_show_specific_survey":0,"_uf_disable_surveys":false,"footnotes":""},"class_list":["post-36","page","type-page","status-publish","hentry","post-preview"],"aioseo_notices":[],"yoast_head":"<!-- This site is optimized with the Yoast SEO plugin v26.7 - https:\/\/yoast.com\/wordpress\/plugins\/seo\/ -->\n<title>Ivankov pr\u00edbeh - Ivankova cesta<\/title>\n<meta name=\"robots\" content=\"index, follow, max-snippet:-1, max-image-preview:large, max-video-preview:-1\" \/>\n<link rel=\"canonical\" href=\"https:\/\/www.ivankovacesta.sk\/?page_id=36\" \/>\n<meta property=\"og:locale\" content=\"sk_SK\" \/>\n<meta property=\"og:type\" content=\"article\" \/>\n<meta property=\"og:title\" content=\"Ivankov pr\u00edbeh - Ivankova cesta\" \/>\n<meta property=\"og:description\" content=\"Ob\u010dianske zdru\u017eenie Ivankova cesta je in\u0161pirovan\u00e9 na\u0161\u00edm synom Ivankom. E\u0161te nevieme kam jeho cesta povedie, a \u017ee toho denne nachod\u00ed ve\u013ea. Pozrime sa na to ako za\u010dala. Ivanko je na\u0161e prvoroden\u00e9 vysn\u00edvan\u00e9 die\u0165a. Sna\u017eili sme sa o neho dlh\u00fdch 8 rokov, absolvovali v\u0161etky mo\u017en\u00e9 vy\u0161etrenia, reproduk\u010dn\u00fa kliniku a v\u0161etky proced\u00fary (ktor\u00e9 v dne\u0161nej dobe stoja [&hellip;]\" \/>\n<meta property=\"og:url\" content=\"https:\/\/www.ivankovacesta.sk\/?page_id=36\" \/>\n<meta property=\"og:site_name\" content=\"Ivankova cesta\" \/>\n<meta property=\"article:modified_time\" content=\"2024-07-11T21:19:33+00:00\" \/>\n<meta name=\"twitter:card\" content=\"summary_large_image\" \/>\n<meta name=\"twitter:label1\" content=\"Predpokladan\u00fd \u010das \u010d\u00edtania\" \/>\n\t<meta name=\"twitter:data1\" content=\"4 min\u00faty\" \/>\n<script type=\"application\/ld+json\" class=\"yoast-schema-graph\">{\"@context\":\"https:\/\/schema.org\",\"@graph\":[{\"@type\":\"WebPage\",\"@id\":\"https:\/\/www.ivankovacesta.sk\/?page_id=36\",\"url\":\"https:\/\/www.ivankovacesta.sk\/?page_id=36\",\"name\":\"Ivankov pr\u00edbeh - Ivankova cesta\",\"isPartOf\":{\"@id\":\"https:\/\/www.ivankovacesta.sk\/#website\"},\"datePublished\":\"2024-06-23T20:10:49+00:00\",\"dateModified\":\"2024-07-11T21:19:33+00:00\",\"breadcrumb\":{\"@id\":\"https:\/\/www.ivankovacesta.sk\/?page_id=36#breadcrumb\"},\"inLanguage\":\"sk-SK\",\"potentialAction\":[{\"@type\":\"ReadAction\",\"target\":[\"https:\/\/www.ivankovacesta.sk\/?page_id=36\"]}]},{\"@type\":\"BreadcrumbList\",\"@id\":\"https:\/\/www.ivankovacesta.sk\/?page_id=36#breadcrumb\",\"itemListElement\":[{\"@type\":\"ListItem\",\"position\":1,\"name\":\"Home\",\"item\":\"https:\/\/www.ivankovacesta.sk\/\"},{\"@type\":\"ListItem\",\"position\":2,\"name\":\"Ivankov pr\u00edbeh\"}]},{\"@type\":\"WebSite\",\"@id\":\"https:\/\/www.ivankovacesta.sk\/#website\",\"url\":\"https:\/\/www.ivankovacesta.sk\/\",\"name\":\"Ivankova cesta\",\"description\":\"Ob\u010dianske zdru\u017eenie\",\"potentialAction\":[{\"@type\":\"SearchAction\",\"target\":{\"@type\":\"EntryPoint\",\"urlTemplate\":\"https:\/\/www.ivankovacesta.sk\/?s={search_term_string}\"},\"query-input\":{\"@type\":\"PropertyValueSpecification\",\"valueRequired\":true,\"valueName\":\"search_term_string\"}}],\"inLanguage\":\"sk-SK\"}]}<\/script>\n<!-- \/ Yoast SEO plugin. -->","yoast_head_json":{"title":"Ivankov pr\u00edbeh - Ivankova cesta","robots":{"index":"index","follow":"follow","max-snippet":"max-snippet:-1","max-image-preview":"max-image-preview:large","max-video-preview":"max-video-preview:-1"},"canonical":"https:\/\/www.ivankovacesta.sk\/?page_id=36","og_locale":"sk_SK","og_type":"article","og_title":"Ivankov pr\u00edbeh - Ivankova cesta","og_description":"Ob\u010dianske zdru\u017eenie Ivankova cesta je in\u0161pirovan\u00e9 na\u0161\u00edm synom Ivankom. E\u0161te nevieme kam jeho cesta povedie, a \u017ee toho denne nachod\u00ed ve\u013ea. Pozrime sa na to ako za\u010dala. Ivanko je na\u0161e prvoroden\u00e9 vysn\u00edvan\u00e9 die\u0165a. Sna\u017eili sme sa o neho dlh\u00fdch 8 rokov, absolvovali v\u0161etky mo\u017en\u00e9 vy\u0161etrenia, reproduk\u010dn\u00fa kliniku a v\u0161etky proced\u00fary (ktor\u00e9 v dne\u0161nej dobe stoja [&hellip;]","og_url":"https:\/\/www.ivankovacesta.sk\/?page_id=36","og_site_name":"Ivankova cesta","article_modified_time":"2024-07-11T21:19:33+00:00","twitter_card":"summary_large_image","twitter_misc":{"Predpokladan\u00fd \u010das \u010d\u00edtania":"4 min\u00faty"},"schema":{"@context":"https:\/\/schema.org","@graph":[{"@type":"WebPage","@id":"https:\/\/www.ivankovacesta.sk\/?page_id=36","url":"https:\/\/www.ivankovacesta.sk\/?page_id=36","name":"Ivankov pr\u00edbeh - Ivankova cesta","isPartOf":{"@id":"https:\/\/www.ivankovacesta.sk\/#website"},"datePublished":"2024-06-23T20:10:49+00:00","dateModified":"2024-07-11T21:19:33+00:00","breadcrumb":{"@id":"https:\/\/www.ivankovacesta.sk\/?page_id=36#breadcrumb"},"inLanguage":"sk-SK","potentialAction":[{"@type":"ReadAction","target":["https:\/\/www.ivankovacesta.sk\/?page_id=36"]}]},{"@type":"BreadcrumbList","@id":"https:\/\/www.ivankovacesta.sk\/?page_id=36#breadcrumb","itemListElement":[{"@type":"ListItem","position":1,"name":"Home","item":"https:\/\/www.ivankovacesta.sk\/"},{"@type":"ListItem","position":2,"name":"Ivankov pr\u00edbeh"}]},{"@type":"WebSite","@id":"https:\/\/www.ivankovacesta.sk\/#website","url":"https:\/\/www.ivankovacesta.sk\/","name":"Ivankova cesta","description":"Ob\u010dianske zdru\u017eenie","potentialAction":[{"@type":"SearchAction","target":{"@type":"EntryPoint","urlTemplate":"https:\/\/www.ivankovacesta.sk\/?s={search_term_string}"},"query-input":{"@type":"PropertyValueSpecification","valueRequired":true,"valueName":"search_term_string"}}],"inLanguage":"sk-SK"}]}},"_links":{"self":[{"href":"https:\/\/www.ivankovacesta.sk\/index.php?rest_route=\/wp\/v2\/pages\/36","targetHints":{"allow":["GET"]}}],"collection":[{"href":"https:\/\/www.ivankovacesta.sk\/index.php?rest_route=\/wp\/v2\/pages"}],"about":[{"href":"https:\/\/www.ivankovacesta.sk\/index.php?rest_route=\/wp\/v2\/types\/page"}],"author":[{"embeddable":true,"href":"https:\/\/www.ivankovacesta.sk\/index.php?rest_route=\/wp\/v2\/users\/1"}],"replies":[{"embeddable":true,"href":"https:\/\/www.ivankovacesta.sk\/index.php?rest_route=%2Fwp%2Fv2%2Fcomments&post=36"}],"version-history":[{"count":5,"href":"https:\/\/www.ivankovacesta.sk\/index.php?rest_route=\/wp\/v2\/pages\/36\/revisions"}],"predecessor-version":[{"id":83,"href":"https:\/\/www.ivankovacesta.sk\/index.php?rest_route=\/wp\/v2\/pages\/36\/revisions\/83"}],"wp:attachment":[{"href":"https:\/\/www.ivankovacesta.sk\/index.php?rest_route=%2Fwp%2Fv2%2Fmedia&parent=36"}],"curies":[{"name":"wp","href":"https:\/\/api.w.org\/{rel}","templated":true}]}}